{"id":7333,"date":"2026-01-13T14:39:28","date_gmt":"2026-01-13T14:39:28","guid":{"rendered":"https:\/\/mmevost.wpenginepowered.com\/?page_id=7333"},"modified":"2026-04-06T12:36:49","modified_gmt":"2026-04-06T12:36:49","slug":"programas-ayudas-regionales","status":"publish","type":"page","link":"https:\/\/evolutioneurope.eu\/es\/programas-ayudas-regionales\/","title":{"rendered":"Programas y ayudas regionales"},"content":{"rendered":"","protected":false},"excerpt":{"rendered":"","protected":false},"author":4,"featured_media":0,"parent":0,"menu_order":0,"comment_status":"closed","ping_status":"closed","template":"","meta":{"_acf_changed":false,"footnotes":""},"class_list":["post-7333","page","type-page","status-publish","hentry"],"acf":{"layouts":{"0":{"acf_fc_layout":"breadcrumbs","breadcrumbs":{"section_background":false,"":null}},"1":{"acf_fc_layout":"content_media","content_media":{"section_id":"section-about","section_background":"bg-white","section_type":"image","media_position":true,"vertical_align_content":true,"content":"<h3><span class=\"sk-typo-mod-color-four\">Programas y ayudas regionales<\/span> <span class=\"sk-typo-mod-color-two\">de I+D+i<\/span><\/h3>\r\n<p class=\"sk-text--lg\">Pres\u00e9ntate a las principales ayudas de financiaci\u00f3n de tu regi\u00f3n.<\/p>\r\n<a class=\"sk-btn\" href=\"#section-guide\">Descarga tu gu\u00eda de financiaci\u00f3n<\/a>","image":7562,"use_pseudo":true,"video_type":"mp4","upload_video":null,"video_id":"","video_placeholder":null}},"2":{"acf_fc_layout":"sub_navigation","sub_navigation":{"menu":[{"menu_link":{"title":"Acerca","url":"#section-about","target":""}},{"menu_link":{"title":"Lo que necesitas saber","url":"#section-need-to-know","target":""}},{"menu_link":{"title":"Nuestro Apoyo","url":"#seccion-etapas ","target":""}},{"menu_link":{"title":"Buscador de ayudas","url":"#section-search-tool","target":""}},{"menu_link":{"title":"Casos de \u00e9xito","url":"#section-success-stories","target":""}},{"menu_link":{"title":"Otras ayudas","url":"#section-funds","target":""}},{"menu_link":{"title":"FAQ","url":"#section-faq","target":""}}],"button":{"title":"Contacto","url":"https:\/\/evolutioneurope.eu\/es\/contact\/","target":""}}},"3":{"acf_fc_layout":"content","content":{"sections_settings":{"section_id":"section-about","section_background":false,"section_padding":"medium"},"content":"<h2 class=\"sk-text--h3 sk-text--h4\" style=\"text-align: center;\"><span class=\"sk-typo-mod-color-four\">Las ayudas regionales permiten a las empresas obtener subvenciones, pr\u00e9stamos y apoyo t\u00e9cnico para impulsar proyectos de I+D+i, sostenibilidad e inversi\u00f3n industrial productiva.<\/span><\/h2>\r\n<p class=\"sk-text--h5\" style=\"text-align: center;\">Estas ayudas pueden gestionarse de forma directa por las agencias auton\u00f3micas o mediante convocatorias nacionales con ejecuci\u00f3n regional.<\/p>"}},"4":{"acf_fc_layout":"content_columns","content_columns":{"sections_settings":{"section_id":"section-about","section_background":false,"section_padding":"base"},"content":"<h5 style=\"text-align: center;\" data-start=\"1309\" data-end=\"1360\"><span class=\"sk-typo-mod-color-primary\">\u00bfPor qu\u00e9 apostar por ayudas regionales de I+D+i?<\/span><\/h5>","columns_count":"four","columns":[{"content":"<span class=\"sk-mb--0 sk-mb--32\"><span class=\"sk-mb--32\"><img class=\"alignnone size-full wp-image-6100\" src=\"https:\/\/evolutioneurope.eu\/wp-content\/uploads\/2025\/11\/Liquidity-1.png\" alt=\"\" width=\"64\" height=\"64\" \/><\/span><\/span>\r\n<h3 class=\"sk-text--h5\">Altos porcentajes de financiaci\u00f3n<\/h3>\r\nOfrecen subvenciones y pr\u00e9stamos con altos porcentajes de financiaci\u00f3n."},{"content":"<span class=\"sk-mb--0 sk-mb--32\"><span class=\"sk-mb--32\"><img class=\"alignnone wp-image-5728\" src=\"https:\/\/evolutioneurope.eu\/wp-content\/uploads\/2025\/10\/tailored-funding-insights-300x300.png\" alt=\"\" width=\"53\" height=\"53\" \/><\/span><\/span>\r\n<h3 class=\"sk-text--h5\">Proximidad y adaptaci\u00f3n<\/h3>\r\nLas agencias regionales conocen las necesidades locales y adaptan sus programas a las caracter\u00edsticas del tejido empresarial de cada comunidad."},{"content":"<span class=\"sk-mb--0 sk-mb--32\"><span class=\"sk-mb--32\"><img class=\"alignnone wp-image-5722\" role=\"img\" src=\"https:\/\/evolutioneurope.eu\/wp-content\/uploads\/2025\/10\/portolio-300x300.png\" alt=\"\" width=\"52\" height=\"52\" \/><\/span><\/span>\r\n<h3 class=\"sk-text--h5\">Complementariedad<\/h3>\r\nSon compatibles con otras fuentes de financiaci\u00f3n nacional (como CDTI, AEI) o europea (FEDER, Horizon Europe)."},{"content":"<img class=\"alignnone wp-image-5712\" src=\"https:\/\/evolutioneurope.eu\/wp-content\/uploads\/2025\/10\/fast-track-300x300.png\" alt=\"\" width=\"62\" height=\"62\" \/>\r\n<h3 class=\"sk-text--h5\">Convocatorias recurrentes cada a\u00f1o<\/h3>\r\n<p data-start=\"149\" data-end=\"342\"><\/p>"}]}},"5":{"acf_fc_layout":"numbers","numbers":{"section_id":"section-numbers","section_background":false,"numbers":[{"title":"+40","content":"Programas Regionales en Espa\u00f1a"},{"title":"85%","content":"Financiaci\u00f3n m\u00e1xima disponible."},{"title":"+15","content":"Comunidades aut\u00f3nomas cubiertas."}]}},"6":{"acf_fc_layout":"accordion_side","accordion_side":{"sections_settings":{"section_id":"section-need-to-know","section_background":true,"section_padding":"base"},"accordion_max_width":true,"side_content":"<h2 class=\"sk-text--h3\">Informaci\u00f3n clave<\/h2>\r\n<p style=\"text-align: left;\"><a class=\"sk-btn\" href=\"https:\/\/evolutioneurope.eu\/es\/contact\/\">Comprueba si cumples los requisitos<\/a><\/p>\r\n&nbsp;","top_content":"<div class=\"flex max-w-full flex-col grow\">\r\n<div class=\"min-h-8 text-message relative flex w-full flex-col items-end gap-2 text-start break-words whitespace-normal [.text-message+&amp;]:mt-1\" dir=\"auto\" data-message-author-role=\"assistant\" data-message-id=\"ccaae511-e5f6-41f6-930c-7c072c0dc0db\" data-message-model-slug=\"gpt-5-1\">\r\n<div class=\"flex w-full flex-col gap-1 empty:hidden first:pt-[1px]\">\r\n<div class=\"markdown prose dark:prose-invert w-full break-words light markdown-new-styling\">\r\n<p data-start=\"823\" data-end=\"1030\">En <strong data-start=\"826\" data-end=\"846\">Evolution Europe<\/strong> contamos con una amplia trayectoria apoyando a empresas en procesos de financiaci\u00f3n regional y te acompa\u00f1amos en cada etapa para maximizar tus opciones de conseguir tu pr\u00e9stamo.<\/p>\r\n<p data-start=\"1032\" data-end=\"1139\" data-is-last-node=\"\" data-is-only-node=\"\">Nuestro <strong data-start=\"1040\" data-end=\"1063\">alto ratio de \u00e9xito<\/strong> y nuestra experiencia especializada son la mejor garant\u00eda para tu proyecto.<\/p>\r\n\r\n<\/div>\r\n<\/div>\r\n<\/div>\r\n<\/div>\r\n<div class=\"z-0 flex min-h-[46px] justify-start\"><\/div>","items":[{"title":"\u00bfComo funcionan las ayudas regionales en Espa\u00f1a?","content":"<span style=\"font-weight: 400;\">Las ayudas regionales se dividen en:<\/span>\r\n<ul>\r\n \t<li style=\"font-weight: 400;\" aria-level=\"1\"><b>Ayudas auton\u00f3micas:<\/b><span style=\"font-weight: 400;\"> convocadas y gestionadas por las comunidades aut\u00f3nomas a trav\u00e9s de sus agencias u organismos regionales.<\/span><\/li>\r\n \t<li style=\"font-weight: 400;\" aria-level=\"1\"><b>Ayudas locales:<\/b>\u00a0impulsadas por ayuntamientos y diputaciones.<\/li>\r\n \t<li style=\"font-weight: 400;\" aria-level=\"1\"><b>Ayudas nacionales con gesti\u00f3n regional:<\/b><span style=\"font-weight: 400;\"> publicadas a nivel nacional (ministerios, CDTI) pero cuya tramitaci\u00f3n o ejecuci\u00f3n se realiza a trav\u00e9s de entidades regionales.<\/span><\/li>\r\n<\/ul>"},{"title":"Cada comunidad define:","content":"<ul class=\"sk-list-circle\">\r\n \t<li style=\"font-weight: 400;\" aria-level=\"1\"><span style=\"font-weight: 400;\">Tipos de proyectos subvencionables (I+D, sostenibilidad, inversi\u00f3n industrial\u2026)<\/span><\/li>\r\n \t<li style=\"font-weight: 400;\" aria-level=\"1\"><span style=\"font-weight: 400;\">Criterios de evaluaci\u00f3n<\/span><\/li>\r\n \t<li style=\"font-weight: 400;\" aria-level=\"1\"><span style=\"font-weight: 400;\">Porcentajes m\u00e1ximos de ayuda<\/span><\/li>\r\n \t<li style=\"font-weight: 400;\" aria-level=\"1\"><span style=\"font-weight: 400;\">Plazos y modalidad de concurrencia (normalmente competitiva)<\/span><\/li>\r\n \t<li aria-level=\"1\">\r\n<div>\u00a0Si son o no en r\u00e9gimen de m\u00ednimis<\/div><\/li>\r\n<\/ul>"},{"title":"Qu\u00e9 ofrecen las agencias regionales","content":"<ul class=\"sk-list-circle\">\r\n \t<li style=\"font-weight: 400;\" aria-level=\"1\"><span style=\"font-weight: 400;\">Subvenciones a fondo perdido<\/span><\/li>\r\n \t<li style=\"font-weight: 400;\" aria-level=\"1\"><span style=\"font-weight: 400;\">Pr\u00e9stamos bonificados o participativos<\/span><\/li>\r\n \t<li style=\"font-weight: 400;\" aria-level=\"1\"><span style=\"font-weight: 400;\">Apoyo a la internacionalizaci\u00f3n, digitalizaci\u00f3n y sostenibilidad<\/span><\/li>\r\n \t<li style=\"font-weight: 400;\" aria-level=\"1\"><span style=\"font-weight: 400;\">Cofinanciaci\u00f3n de programas estatales y europeos<\/span><\/li>\r\n<\/ul>"},{"title":"Descubre las oportunidades de financiaci\u00f3n en tu comunidad aut\u00f3noma","content":"<p data-start=\"826\" data-end=\"978\">Cada comunidad aut\u00f3noma cuenta con <strong data-start=\"861\" data-end=\"901\">programas propios de ayudas p\u00fablicas<\/strong> para fomentar la innovaci\u00f3n, la competitividad y el crecimiento empresarial.<\/p>\r\n<p data-start=\"980\" data-end=\"1037\">Trabajamos activamente con convocatorias de, entre otras:<\/p>\r\n\r\n<ul>\r\n \t<li data-start=\"1041\" data-end=\"1058\">Castilla y Le\u00f3n<\/li>\r\n \t<li data-start=\"1061\" data-end=\"1081\">Castilla-La Mancha<\/li>\r\n \t<li data-start=\"1084\" data-end=\"1094\">Catalu\u00f1a<\/li>\r\n \t<li data-start=\"1097\" data-end=\"1118\">Comunidad de Madrid<\/li>\r\n \t<li data-start=\"1121\" data-end=\"1143\">Comunidad Valenciana<\/li>\r\n \t<li data-start=\"1121\" data-end=\"1143\">Galicia<\/li>\r\n \t<li data-start=\"1146\" data-end=\"1155\">Navarra<\/li>\r\n \t<li data-start=\"1158\" data-end=\"1170\">Pa\u00eds Vasco<\/li>\r\n<\/ul>\r\n<p data-start=\"1172\" data-end=\"1302\">\u00bfTu regi\u00f3n no aparece en la lista? <strong data-start=\"1207\" data-end=\"1223\">No pasa nada<\/strong>: monitorizamos programas en toda Espa\u00f1a y encontraremos oportunidades para ti.<\/p>"}]}},"7":{"acf_fc_layout":"accordion_side","accordion_side":{"sections_settings":{"section_id":"section-programas-comunidad","section_background":true,"section_padding":"base"},"accordion_max_width":true,"side_content":"<h4 class=\"sk-text--h3\">\u00a0Programas destacados por comunidad<\/h4>\r\n&nbsp;\r\n\r\n&nbsp;","top_content":"<div class=\"flex max-w-full flex-col grow\">\r\n<div class=\"min-h-8 text-message relative flex w-full flex-col items-end gap-2 text-start break-words whitespace-normal [.text-message+&amp;]:mt-1\" dir=\"auto\" data-message-author-role=\"assistant\" data-message-id=\"ccaae511-e5f6-41f6-930c-7c072c0dc0db\" data-message-model-slug=\"gpt-5-1\">\r\n<div class=\"flex w-full flex-col gap-1 empty:hidden first:pt-[1px]\">\r\n<div class=\"markdown prose dark:prose-invert w-full break-words light markdown-new-styling\">\r\n<p data-start=\"1032\" data-end=\"1139\" data-is-last-node=\"\" data-is-only-node=\"\"><\/p>\r\n\r\n<\/div>\r\n<\/div>\r\n<\/div>\r\n<\/div>\r\n<div class=\"z-0 flex min-h-[46px] justify-start\"><\/div>","items":[{"title":"Andaluc\u00eda","content":"<ul>\r\n \t<li>La <a href=\"https:\/\/www.juntadeandalucia.es\/organismos\/inclusionsocialjuventudfamiliaseigualdad\/areas\/subvenciones.html\">Junta de Andaluc\u00eda<\/a> pone en marcha el programa<strong> <a href=\"https:\/\/evolutioneurope.eu\/es\/andalucia-trade\/\">Andaluc\u00eda TRADE<\/a><\/strong>, un organismo que ofrece incentivos econ\u00f3micos para impulsar el desarrollo industrial, la innovaci\u00f3n y la internacionalizaci\u00f3n de las empresas andaluzas.\r\n<div class=\"flex flex-col text-sm pb-25\"><article class=\"text-token-text-primary w-full focus:outline-none [--shadow-height:45px] has-data-writing-block:pointer-events-none has-data-writing-block:-mt-(--shadow-height) has-data-writing-block:pt-(--shadow-height) [&amp;:has([data-writing-block])&gt;*]:pointer-events-auto scroll-mt-[calc(var(--header-height)+min(200px,max(70px,20svh)))]\" dir=\"auto\" tabindex=\"-1\" data-turn-id=\"d7924ce6-d681-4588-8b52-3691ce3515ab\" data-testid=\"conversation-turn-66\" data-scroll-anchor=\"true\" data-turn=\"assistant\">\r\n<div class=\"text-base my-auto mx-auto pb-10 [--thread-content-margin:--spacing(4)] @w-sm\/main:[--thread-content-margin:--spacing(6)] @w-lg\/main:[--thread-content-margin:--spacing(16)] px-(--thread-content-margin)\">\r\n<div class=\"[--thread-content-max-width:40rem] @w-lg\/main:[--thread-content-max-width:48rem] mx-auto max-w-(--thread-content-max-width) flex-1 group\/turn-messages focus-visible:outline-hidden relative flex w-full min-w-0 flex-col agent-turn\" tabindex=\"-1\">\r\n<div class=\"z-0 flex min-h-[46px] justify-start\"><\/div>\r\n<div class=\"mt-3 w-full empty:hidden\">\r\n<div class=\"text-center\"><\/div>\r\n<\/div>\r\n<\/div>\r\n<\/div>\r\n<\/article><\/div>\r\n<div class=\"pointer-events-none h-px w-px absolute bottom-0\" aria-hidden=\"true\" data-edge=\"true\"><\/div><\/li>\r\n<\/ul>"},{"title":"Catalu\u00f1a","content":"<ul>\r\n \t<li><span style=\"font-weight: 400;\"><a href=\"https:\/\/www.accio.gencat.cat\/ca\/inici\">ACCI\u00d3<\/a>: Subvenciones a la inversi\u00f3n productiva, eficiencia energ\u00e9tica e innovaci\u00f3n. Hasta un 20% de ayuda y m\u00e1ximo 500.000\u202f\u20ac por proyecto.<\/span><\/li>\r\n<\/ul>"},{"title":"Madrid","content":"<ul>\r\n \t<li style=\"font-weight: 400;\" aria-level=\"1\"><span style=\"font-weight: 400;\"><a href=\"https:\/\/www.madrimasd.org\/\">Fundaci\u00f3n Madri+d<\/a>: Subvenciones para nuevas empresas innovadoras y tecnol\u00f3gicas. Entre un 25% y el 100% de los costes elegibles.<\/span><\/li>\r\n<\/ul>"},{"title":"Comunidad Valenciana","content":"<p data-start=\"207\" data-end=\"269\"><strong data-start=\"207\" data-end=\"269\">En la Comunitat Valenciana destacan las siguientes ayudas:<\/strong><\/p>\r\n\r\n<ul>\r\n \t<li data-start=\"273\" data-end=\"423\"><a href=\"https:\/\/www.ivace.es\/index.php\/es\/ayudas\/innovacion-e-i-d\">IVACE+i<\/a> <strong data-start=\"273\" data-end=\"306\">(I+D+i \/ Innovaci\u00f3n):<\/strong> l\u00edneas de apoyo a proyectos de innovaci\u00f3n e I+D+i, que integran las antiguas convocatorias de <strong data-start=\"401\" data-end=\"410\">IVACE<\/strong> y <strong data-start=\"413\" data-end=\"420\">AVI<\/strong>.<\/li>\r\n \t<li data-start=\"426\" data-end=\"659\"><a href=\"https:\/\/www.gva.es\/es\/inicio\/procedimientos?id_proc=18295\">GVA INPYME<\/a><strong data-start=\"426\" data-end=\"462\">:<\/strong> ayudas de la Generalitat Valenciana, orientadas a apoyar <strong data-start=\"531\" data-end=\"574\">inversiones para la reindustrializaci\u00f3n realizadas por PYMES<\/strong> de diversos sectores industriales de la Comunitat Valenciana.<\/li>\r\n \t<li data-start=\"662\" data-end=\"906\"><a href=\"https:\/\/www.gva.es\/es\/inicio\/procedimientos?id_proc=547\">GVA Agroalimentario<\/a><strong data-start=\"662\" data-end=\"682\">:<\/strong> ayudas de la Generalitat Valenciana para <strong data-start=\"724\" data-end=\"820\">inversiones en transformaci\u00f3n, comercializaci\u00f3n y\/o desarrollo de productos agroalimentarios<\/strong>, en el marco del <strong data-start=\"838\" data-end=\"878\">Plan Estrat\u00e9gico de la PAC 2023\u20132027<\/strong> en la Comunitat Valenciana.<\/li>\r\n<\/ul>\r\n<p data-start=\"499\" data-end=\"716\"><\/p>"},{"title":"Castilla y Le\u00f3n","content":"<ul>\r\n \t<li style=\"font-weight: 400;\" aria-level=\"1\"><span style=\"font-weight: 400;\"><a href=\"https:\/\/empresas.jcyl.es\/web\/es\/plataforma-financiera\/ayudas.html\">Instituto para la Competitividad Empresarial (ICE)<\/a>: Subvenciones para proyectos de I+D. Hasta un 80% de financiaci\u00f3n para pymes y grandes empresas.<\/span><\/li>\r\n<\/ul>"},{"title":"Castilla-La Mancha","content":"<ul>\r\n \t<li style=\"font-weight: 400;\" aria-level=\"1\"><span style=\"font-weight: 400;\"><a href=\"https:\/\/www.jccm.es\/tramites\/1004580\">Adelante Inversi\u00f3n<\/a>: Ayudas para la industria (CNAE-09), maquinaria y obra civil. Hasta un 45% y 400.000\u202f\u20ac por empresa.<\/span><\/li>\r\n \t<li style=\"font-weight: 400;\" aria-level=\"1\"><span style=\"font-weight: 400;\"><a href=\"https:\/\/adelante-empresas.castillalamancha.es\/adelante\">Innova Adelant<\/a>e: Hasta el 45% para proyectos de innovaci\u00f3n tecnol\u00f3gica.<\/span><\/li>\r\n<\/ul>"},{"title":"Murcia","content":"En <strong data-start=\"3\" data-end=\"13\">Murcia<\/strong>, las ayudas m\u00e1s relevantes para empresas son las que convoca el <strong data-start=\"78\" data-end=\"132\">INFO (Instituto de Fomento de la Regi\u00f3n de Murcia)<\/strong>, que publica peri\u00f3dicamente convocatorias para apoyar proyectos de <strong data-start=\"200\" data-end=\"251\">innovaci\u00f3n, inversi\u00f3n y crecimiento empresarial<\/strong>; puedes consultar las <strong data-start=\"274\" data-end=\"305\">oportunidades abiertas aqu\u00ed<\/strong>: <a class=\"decorated-link\" href=\"https:\/\/www.institutofomentomurcia.es\/convocatorias-activas\" target=\"_new\" rel=\"noopener\" data-start=\"307\" data-end=\"366\">https:\/\/www.institutofomentomurcia.es\/convocatorias-activas<\/a>."},{"title":"Navarra","content":"<ul>\r\n \t<li><span style=\"font-weight: 400;\"><a href=\"https:\/\/www.aditech.com\/es\/conoce-el-sinai\/\">Gobierno de Navarra \/ SINAI<\/a>: Hasta un 80% de financiaci\u00f3n para I+D, con ayudas de hasta 500.000\u202f\u20ac.<\/span><\/li>\r\n<\/ul>"},{"title":"Pa\u00eds Vasco","content":"<ul>\r\n \t<li><a href=\"https:\/\/www.spri.eus\/\">SPRI \u2013 Agencia Vasca de Desarrollo Empresarial<\/a>: Gestiona ayudas clave para innovaci\u00f3n e I+D+i empresarial, como <a href=\"https:\/\/www.spri.eus\/es\/ayudas\/hazitek\/\">Hazitek <\/a>(subvenciones de hasta el 50%), adem\u00e1s de otras l\u00edneas para tecnolog\u00eda, industria y colaboraci\u00f3n con agentes del sistema vasco.<\/li>\r\n \t<li><a href=\"https:\/\/beaz.bizkaia.eus\/\">BEAZ \u2013 Agencia de Desarrollo de Bizkaia<\/a>: Ofrece programas de apoyo a empresas y startups en innovaci\u00f3n, digitalizaci\u00f3n, crecimiento e internacionalizaci\u00f3n, con distintas l\u00edneas seg\u00fan el tipo de proyecto y perfil de empresa.<\/li>\r\n<\/ul>"},{"title":"Galicia","content":"<ul>\r\n \t<li style=\"font-weight: 400;\" aria-level=\"1\"><span style=\"font-weight: 400;\"><a href=\"http:\/\/gain.xunta.gal\/artigos\/203\/axudas\">GAIN<\/a> \/ <a href=\"https:\/\/igape.gal\/es\/ayudas\">IGAPE<\/a>: Hasta el 80% de financiaci\u00f3n para innovaci\u00f3n, crecimiento industrial y digitalizaci\u00f3n.<\/span><\/li>\r\n<\/ul>"}]}},"10":{"acf_fc_layout":"content_cards","content_cards":{"sections_settings":{"section_id":"seccion-etapas","section_background":false,"section_padding":"base"},"content":"<div class=\"elementor-element elementor-element-911ff91 e-flex e-con-boxed e-con e-child animated fadeInUp\" data-id=\"911ff91\" data-element_type=\"container\" data-settings=\"{&quot;animation&quot;:&quot;fadeInUp&quot;}\">\r\n<div class=\"e-con-inner\">\r\n<div class=\"elementor-element elementor-element-270fadd elementor-widget elementor-widget-heading\" data-id=\"270fadd\" data-element_type=\"widget\" data-widget_type=\"heading.default\">\r\n<div class=\"elementor-widget-container\">\r\n<h4 class=\"elementor-heading-title elementor-size-default\">Conseguir financiaci\u00f3n regional para tu empresa<\/h4>\r\n<div class=\"card-columns__hero aos-init aos-animate\" data-aos=\"fade-up\" data-aos-delay=\"100\">\r\n<div class=\"elementor-element elementor-element-3484a70 elementor-widget elementor-widget-text-editor\" data-id=\"3484a70\" data-element_type=\"widget\" data-widget_type=\"text-editor.default\">\r\n<div class=\"elementor-widget-container\">\r\n<ul class=\"sk-list-circle\">\r\n \t<li><span class=\"\">Nuestra metodolog\u00eda de trabajo se basa en varias etapas dirigidas por nuestro\u00a0<strong>equipo de expertos<\/strong>\u00a0y en el apoyo de nuestra\u00a0<strong>herramienta de b\u00fasqueda de ayudas<\/strong>.<\/span><\/li>\r\n \t<li><strong><a href=\"https:\/\/evolutioneurope.eu\/es\/buscador-de-ayudas\/\" type=\"page\">Buscador de Ayudas:<\/a><\/strong> Nos permite disponer de toda la informaci\u00f3n actualizada referente a todas las ayudas p\u00fablicas.<\/li>\r\n<\/ul>\r\n<\/div>\r\n<\/div>\r\n<\/div>\r\n<\/div>\r\n<\/div>\r\n<\/div>\r\n<\/div>","columns_count":"four","columns":[{"image":6653,"content":"<h4>Control de convocatorias<\/h4>\r\n<div class=\"acc-item aos-init aos-animate active\" data-aos=\"fade-up\" data-aos-anchor=\"#acc-511976083\" data-aos-delay=\"150\">\r\n<div class=\"acc-item__title-wrap\">\r\n<div class=\"acc-item__content\">\r\n<div class=\"acc-item__body hide-scrollbar\">\r\n<div class=\"acc-item__body-wrap\">\r\n\r\nIdentificaci\u00f3n continua de las oportunidades y actualizaciones de las l\u00edneas de ayudas regionales, garantizando que tu proyecto se alinee con la convocatoria adecuada y se presente dentro del plazo correspondiente.\r\n\r\n<\/div>\r\n<\/div>\r\n<\/div>\r\n<\/div>\r\n<\/div>\r\n<div class=\"acc-item aos-init aos-animate\" data-aos=\"fade-up\" data-aos-anchor=\"#acc-511976083\" data-aos-delay=\"300\">\r\n<div class=\"acc-item__title-wrap\"><\/div>\r\n<\/div>","link":{"title":"Asesoramiento gratuito","url":"https:\/\/evolutioneurope.eu\/es\/asesoramiento-gratuito\/","target":""}},{"image":6656,"content":"<h4>Diagn\u00f3stico y preparaci\u00f3n<\/h4>\r\n<div class=\"acc-item aos-init aos-animate active\" data-aos=\"fade-up\" data-aos-anchor=\"#acc-232312638\" data-aos-delay=\"300\">\r\n<div class=\"acc-item__title-wrap\">\r\n<div class=\"acc-item__content\">\r\n<div class=\"acc-item__body hide-scrollbar\">\r\n<div class=\"acc-item__body-wrap\">\r\n\r\nEvaluamos la elegibilidad de tu empresa y del proyecto, estructuramos la propuesta t\u00e9cnica y econ\u00f3mica y preparamos toda la documentaci\u00f3n requerida seg\u00fan las bases reguladoras de la agencia financiadora.\r\n\r\n<\/div>\r\n<\/div>\r\n<\/div>\r\n<\/div>\r\n<\/div>","link":null},{"image":6674,"content":"<h4>Obtenci\u00f3n de ayuda<\/h4>\r\n<div class=\"acc-item aos-init aos-animate active\" data-aos=\"fade-up\" data-aos-anchor=\"#acc-232312638\" data-aos-delay=\"450\">\r\n<div class=\"acc-item__title-wrap\">\r\n<div class=\"acc-item__content\">\r\n<div class=\"acc-item__body hide-scrollbar\">\r\n<div class=\"acc-item__body-wrap\">\r\n\r\nGestionamos la presentaci\u00f3n de la solicitud, asegurando el cumplimiento de todos los criterios t\u00e9cnicos, administrativos y sectoriales establecidos para cada l\u00ednea de incentivos.\r\n\r\n<\/div>\r\n<\/div>\r\n<\/div>\r\n<\/div>\r\n<\/div>","link":null},{"image":6676,"content":"<h4>Gesti\u00f3n del proyecto<\/h4>\r\nAcompa\u00f1amos tras la concesi\u00f3n del incentivo, realizando seguimiento t\u00e9cnico y econ\u00f3mico, atendiendo requerimientos de la administraci\u00f3n y apoyando en la justificaci\u00f3n y cierre del expediente.","link":{"title":"Gesti\u00f3n de proyectos","url":"https:\/\/evolutioneurope.eu\/es\/project-management\/","target":""}}]}},"12":{"acf_fc_layout":"cta","get_content_from_options_page":false,"cta":{"section_type":"bg","content":"<h2 style=\"text-align: center;\">Descubre nuestra herramienta de B\u00fasqueda de Ayudas<\/h2>\r\n<p style=\"text-align: center;\">Nuestro Buscador de Ayudas te mantiene conectado a las oportunidades de financiaci\u00f3n p\u00fablica m\u00e1s actuales \u2014 desde programas nacionales y regionales.<\/p>\r\n<p style=\"text-align: center;\"><a class=\"sk-btn sk-btn--secondary\" href=\"https:\/\/evolutioneurope.eu\/es\/buscador-de-ayudas\/\">Acceda a la herramienta de b\u00fasqueda de ayudas\u00a0<\/a><\/p>","section_id":"section-search-tool","image":null,"video_type":"mp4","upload_video":null,"video_id":"","video_placeholder":null}},"13":{"acf_fc_layout":"related_cases","related_cases":{"sections_settings":{"section_id":"section-success-stories","section_background":false,"section_padding":"base"},"title":"<h2 class=\"sk-text--h3\">Impacto real, resultados comprobados<\/h2>","archive_link_label":"Ver todos los casos de \u00e9xito","show_latest_posts":false,"manually_selected_posts":[2849,6749,2677,2679,2675,2801,2715,2671,2789,2791,2683]}},"14":{"acf_fc_layout":"quotes","quotes":{"quotes":[{"image":6574,"quote":"\"El equipo de Evolution ha actuado con profesionalidad en todo momento, escuchando nuestras necesidades y manteniendo siempre gran atenci\u00f3n a los plazos y requerimientos de las ayudas que hemos solicitado y recibido. Gracias a su colaboraci\u00f3n, hemos obtenido el apoyo de Industria CV y, tambi\u00e9n, la L\u00ednea Directa de Expansi\u00f3n (LIC A) de CDTI.\"","image_mobile":6574,"author":"Jaime Mir Pastor, Gerente, Mirmar","button":null},{"image":6315,"quote":"<span style=\"font-weight: 400;\">\u00a0\u201cEl equipo de Evolution Europe mostr\u00f3 una gran capacidad para entender el problema de la empresa y la complejidad cient\u00edfica del proyecto. Sus t\u00e9cnicos aportaron una visi\u00f3n cr\u00edtica y constructiva que mejor\u00f3 de forma notable la propuesta original.\u201d<\/span>","image_mobile":6315,"author":"Ignasi Hontecillas, Director de I+D, Calidad y Seguridad Alimentaria de AGROCAT","button":null},{"image":5818,"quote":"<span style=\"font-weight: 400;\">\u201cDestacamos sobre todo la flexibilidad del equipo a la hora de ofrecernos una propuesta econ\u00f3mica adaptada a las necesidades de las startups. Tambi\u00e9n su capacidad para comunicarse con equipos internacionales y multidisciplinares, as\u00ed como su capacidad de identificar posibles mejoras en los consorcios y las tareas inicialmente planteadas.\u201d<\/span>\r\n\r\n&nbsp;","image_mobile":5818,"author":"Ana Bouchet, Co-fundadora de Lifesome Therapeutics","button":null},{"image":5841,"quote":"\u201cLa colaboraci\u00f3n con Evolution ha sido muy positiva. Desde el principio, el proceso fue \u00e1gil y claro. El equipo de Evolution fueron r\u00e1pidos en su respuesta y en la formaci\u00f3n del consorcio, lo que facilit\u00f3 el proceso.\u201d","image_mobile":5841,"author":"Guillermo Molano, Co-fundador & CEO de Terracelab","button":null},{"image":3376,"quote":"\u201cLa experiencia de trabajar con Evolution fue muy positiva. Evolution nos ofreci\u00f3 un apoyo estrat\u00e9gico clave, ayud\u00e1ndonos a estructurar y fortalecer nuestra propuesta. Su experiencia en proyectos innovadores nos ayud\u00f3 para cumplir con los requisitos exigidos.\u201d\r\n\r\n&nbsp;","image_mobile":3376,"author":"Joseba Villate, CEO de Alterity","button":null}]}},"15":{"acf_fc_layout":"content_cards","content_cards":{"sections_settings":{"section_id":"section-funds","section_background":false,"section_padding":"base"},"content":"<h2 class=\"sk-text--h3\">Otras alternativas de financiaci\u00f3n<\/h2>","columns_count":"three","columns":[{"image":627,"content":"<h3 class=\"sk-text--h4\">Deducciones fiscales por I+D+i<\/h3>\r\nReduce tu Impuesto sobre Sociedades aprovechando un incentivo potente y flexible para empresas innovadoras.\r\n<ul class=\"sk-list-circle\">\r\n \t<li>Recupera entre el 25% y el 59% de tus gastos en I+D+i.<\/li>\r\n \t<li>Posibilidad de monetizar la deducci\u00f3n incluso sin beneficios.<\/li>\r\n \t<li>Aplicable a proyectos de investigaci\u00f3n, desarrollo e innovaci\u00f3n tecnol\u00f3gica.<\/li>\r\n \t<li>Compatible con ayudas como CDTI, ENISA o programas europeos.<\/li>\r\n \t<li>M\u00e1xima seguridad jur\u00eddica con el Informe Motivado Vinculante.<\/li>\r\n<\/ul>","link":{"title":"Deducciones Fiscales por I+D+i","url":"https:\/\/evolutioneurope.eu\/es\/deducciones-fiscales-idi\/","target":""}},{"image":628,"content":"<h3 class=\"sk-text--h4\">Bonificaci\u00f3n a la Seguridad Social por Personal Investigador<\/h3>\r\n<div class=\"column__content\">\r\n<ul class=\"sk-list-circle\">\r\n \t<li>Reduce los costes laborales del personal de I+D hasta en un 40%.<\/li>\r\n \t<li>Ahorro mensual inmediato aplicado directamente en los seguros sociales.<\/li>\r\n \t<li>Totalmente compatible con las deducciones fiscales por I+D si tu empresa cuenta con el Sello PYME Innovadora.<\/li>\r\n \t<li>Bonificaci\u00f3n adicional del +5% para j\u00f3venes investigadores.<\/li>\r\n \t<li>Bonificaci\u00f3n adicional del +5% para mujeres.<\/li>\r\n<\/ul>\r\n<\/div>","link":{"title":"Bonificaci\u00f3n a la Seguridad Social por Personal Investigador","url":"https:\/\/evolutioneurope.eu\/es\/bonificacion-a-la-seguridad-social-por-personal-investigador\/","target":""}},{"image":629,"content":"<h3 class=\"sk-text--h4\">Patent Box<\/h3>\r\n<ul class=\"sk-list-circle\">\r\n \t<li><span style=\"font-weight: 400;\">Reduce tu tipo efectivo del Impuesto sobre Sociedades hasta un 10%.<\/span><\/li>\r\n \t<li><span style=\"font-weight: 400;\">Hasta un 60% de reducci\u00f3n en la base imponible por ingresos procedentes de la cesi\u00f3n o explotaci\u00f3n de activos intangibles (patentes, software, dise\u00f1os industriales).<\/span><\/li>\r\n \t<li><span style=\"font-weight: 400;\">Implementaci\u00f3n sencilla \u2014 sin necesidad de activar el activo en el balance.<\/span><\/li>\r\n \t<li><span style=\"font-weight: 400;\">Aplicaci\u00f3n retroactiva posible y compatible con otras ayudas (deducciones fiscales, ENISA, CDTI).<\/span><\/li>\r\n \t<li><span style=\"font-weight: 400;\">Ideal para empresas que comercializan su propia tecnolog\u00eda.<\/span><\/li>\r\n<\/ul>","link":{"title":"Patent Box | El incentivo que maximiza y transforma tus activos intangibles en ahorro fiscal","url":"https:\/\/evolutioneurope.eu\/es\/patent-box\/","target":""}}]}},"16":{"acf_fc_layout":"contacts","contacts":{"sections_settings":{"section_id":"section-guide","section_background":false,"section_padding":"base"},"content":"<img class=\"alignnone size-full wp-image-883\" src=\"https:\/\/evolutioneurope.eu\/wp-content\/uploads\/2025\/09\/magazine.png\" alt=\"\" width=\"434\" height=\"326\" \/>\r\n<h2 class=\"sk-text--h3\">La gu\u00eda definitiva para <span class=\"sk-typo-mod-color-four\">conseguir financiaci\u00f3n de I+D\u00a0\u00a0<\/span><\/h2>\r\n<ul class=\"sk-list-circle\">\r\n \t<li>Aprende a identificar las mejores oportunidades de financiaci\u00f3n para tu proyecto<\/li>\r\n \t<li>Descubre las estrategias que usan los innovadores l\u00edderes para obtener subvenciones, navegar procesos complejos y maximizar su financiaci\u00f3n<\/li>\r\n \t<li>Accede a consejos probados para redactar propuestas ganadoras de ayudas.<\/li>\r\n<\/ul>","form_title":"\u00a1Desc\u00e1rgala ahora y aumenta tus posibilidades de obtener financiaci\u00f3n!","content_alignment":"top","form":"[zohoForms src=https:\/\/zfrmz.eu\/pUBRpd3FK6IreyGklVRM width=100% height=500px\/] ","form_type":"shortcode"}},"17":{"acf_fc_layout":"accordion_side","accordion_side":{"sections_settings":{"section_id":"section-FAQ","section_background":false,"section_padding":"base"},"accordion_max_width":true,"side_content":"<h2 class=\"sk-text--h3\">FAQ<\/h2>\r\nPreguntas frecuentes sobre los programas y l\u00edneas de financiaci\u00f3n regionales.","top_content":"","items":[{"title":"\u00bfTodas las comunidades tienen ayudas activas?","content":"<article class=\"text-token-text-primary w-full focus:outline-none [--shadow-height:45px] has-data-writing-block:pointer-events-none has-data-writing-block:-mt-(--shadow-height) has-data-writing-block:pt-(--shadow-height) [&amp;:has([data-writing-block])&gt;*]:pointer-events-auto [content-visibility:auto] supports-[content-visibility:auto]:[contain-intrinsic-size:auto_100lvh] scroll-mt-[calc(var(--header-height)+min(200px,max(70px,20svh)))]\" dir=\"auto\" tabindex=\"-1\" data-turn-id=\"8ee3f427-1119-4387-a135-0e86d745af38\" data-testid=\"conversation-turn-50\" data-scroll-anchor=\"true\" data-turn=\"assistant\">\r\n<div class=\"text-base my-auto mx-auto pb-10 [--thread-content-margin:--spacing(4)] thread-sm:[--thread-content-margin:--spacing(6)] thread-lg:[--thread-content-margin:--spacing(16)] px-(--thread-content-margin)\">\r\n<div class=\"[--thread-content-max-width:40rem] thread-lg:[--thread-content-max-width:48rem] mx-auto max-w-(--thread-content-max-width) flex-1 group\/turn-messages focus-visible:outline-hidden relative flex w-full min-w-0 flex-col agent-turn\" tabindex=\"-1\">\r\n<div class=\"flex max-w-full flex-col grow\">\r\n<div class=\"min-h-8 text-message relative flex w-full flex-col items-end gap-2 text-start break-words whitespace-normal [.text-message+&amp;]:mt-1\" dir=\"auto\" data-message-author-role=\"assistant\" data-message-id=\"16aed20f-556e-4b7c-8f6b-f279ee611383\" data-message-model-slug=\"gpt-5-1\">\r\n<div class=\"flex w-full flex-col gap-1 empty:hidden first:pt-[1px]\">\r\n<div class=\"markdown prose dark:prose-invert w-full break-words light markdown-new-styling\">\r\n\r\n<span style=\"font-weight: 400;\">S\u00ed, aunque las fechas y caracter\u00edsticas de las convocatorias var\u00edan. Podemos ayudarte a encontrar la que mejor encaje.<\/span>\r\n\r\n<\/div>\r\n<\/div>\r\n<\/div>\r\n<\/div>\r\n<div class=\"z-0 flex min-h-[46px] justify-start\"><\/div>\r\n<div class=\"mt-3 w-full empty:hidden\">\r\n<div class=\"text-center\"><\/div>\r\n<\/div>\r\n<\/div>\r\n<\/div>\r\n<\/article>\r\n<div class=\"pointer-events-none h-px w-px\" aria-hidden=\"true\" data-edge=\"true\"><\/div>"},{"title":"\u00bfLas ayudas regionales son compatibles con las nacionales?","content":"<span style=\"font-weight: 400;\">S\u00ed, en muchos casos pueden cofinanciarse. Adaptamos cada propuesta para cumplir la normativa de acumulaci\u00f3n de ayudas.<\/span>"},{"title":"\u00bfEs obligatorio tener un centro de trabajo en la comunidad?","content":"<span style=\"font-weight: 400;\">Normalmente s\u00ed, pero algunas convocatorias permiten proyectos colaborativos o inversiones futuras. Te orientamos en funci\u00f3n del caso.<\/span>"},{"title":"\u00bfSe puede presentar una empresa grande?","content":"<span style=\"font-weight: 400;\">Depende de la convocatoria. Algunas est\u00e1n limitadas a pymes; otras permiten agrupaciones con participaci\u00f3n de grandes empresas.<\/span>"},{"title":"\u00bfCu\u00e1l es el Buscador de Ayudas regionales?","content":"<p data-start=\"290\" data-end=\"419\" data-is-last-node=\"\" data-is-only-node=\"\">El <a href=\"https:\/\/evolutioneurope.eu\/es\/buscador-de-ayudas\/\" target=\"_blank\" rel=\"noopener\">Buscador de Ayudas<\/a> de Evolution es una herramienta que centraliza y actualiza todas las convocatorias activas en Espa\u00f1a a nivel nacional y regional, permitiendo identificar r\u00e1pidamente los incentivos disponibles en el desarrollo industrial, I+D+i e internacionalizaci\u00f3n. Facilita la consulta inmediata de requisitos, l\u00edneas abiertas y oportunidades de financiaci\u00f3n para empresas con actividad en Espa\u00f1a.<\/p>\r\n&nbsp;"}]}},"18":{"acf_fc_layout":"cta","get_content_from_options_page":false,"cta":{"section_type":"bg","content":"<h2 style=\"text-align: center;\">\u00bfListo para conseguir financiaci\u00f3n regional?<\/h2>\r\n<p style=\"text-align: center;\"><a class=\"sk-btn sk-btn--secondary\" href=\"https:\/\/evolutioneurope.eu\/es\/asesoramiento-gratuito\/\">Obt\u00e9n tu consulta gratis.<\/a>\u00a0<a class=\"sk-btn\" href=\"https:\/\/evolutioneurope.eu\/contact\/\">Contactanos hoy<\/a><\/p>","section_id":"","image":null,"video_type":"mp4","upload_video":null,"video_id":"","video_placeholder":null}}}},"yoast_head":"<!-- This site is optimized with the Yoast SEO Premium plugin v27.3 (Yoast SEO v27.3) - https:\/\/yoast.com\/product\/yoast-seo-premium-wordpress\/ -->\n<title>Programas y ayudas regionales - evolution-europe<\/title>\n<meta name=\"description\" content=\"Programas de ayudas regionales para proyectos de I+D+i e innovaci\u00f3n en Espa\u00f1a. Apoyo experto en solicitud y acceso a financiaci\u00f3n p\u00fablica.\" \/>\n<meta name=\"robots\" content=\"index, follow, max-snippet:-1, max-image-preview:large, max-video-preview:-1\" \/>\n<link rel=\"canonical\" href=\"https:\/\/evolutioneurope.eu\/es\/programas-ayudas-regionales\/\" \/>\n<meta property=\"og:locale\" content=\"es_ES\" \/>\n<meta property=\"og:type\" content=\"article\" \/>\n<meta property=\"og:title\" content=\"Programas y ayudas regionales\" \/>\n<meta property=\"og:description\" content=\"Programas de ayudas regionales para proyectos de I+D+i e innovaci\u00f3n en Espa\u00f1a. Apoyo experto en solicitud y acceso a financiaci\u00f3n p\u00fablica.\" \/>\n<meta property=\"og:url\" content=\"https:\/\/evolutioneurope.eu\/es\/programas-ayudas-regionales\/\" \/>\n<meta property=\"og:site_name\" content=\"evolution-europe\" \/>\n<meta property=\"article:modified_time\" content=\"2026-04-06T12:36:49+00:00\" \/>\n<meta name=\"twitter:card\" content=\"summary_large_image\" \/>\n<script type=\"application\/ld+json\" class=\"yoast-schema-graph\">{\"@context\":\"https:\\\/\\\/schema.org\",\"@graph\":[{\"@type\":\"WebPage\",\"@id\":\"https:\\\/\\\/evolutioneurope.eu\\\/es\\\/programas-ayudas-regionales\\\/\",\"url\":\"https:\\\/\\\/evolutioneurope.eu\\\/es\\\/programas-ayudas-regionales\\\/\",\"name\":\"Programas y ayudas regionales - evolution-europe\",\"isPartOf\":{\"@id\":\"https:\\\/\\\/evolutioneurope.eu\\\/es\\\/#website\"},\"datePublished\":\"2026-01-13T14:39:28+00:00\",\"dateModified\":\"2026-04-06T12:36:49+00:00\",\"description\":\"Programas de ayudas regionales para proyectos de I+D+i e innovaci\u00f3n en Espa\u00f1a. Apoyo experto en solicitud y acceso a financiaci\u00f3n p\u00fablica.\",\"breadcrumb\":{\"@id\":\"https:\\\/\\\/evolutioneurope.eu\\\/es\\\/programas-ayudas-regionales\\\/#breadcrumb\"},\"inLanguage\":\"es\",\"potentialAction\":[{\"@type\":\"ReadAction\",\"target\":[\"https:\\\/\\\/evolutioneurope.eu\\\/es\\\/programas-ayudas-regionales\\\/\"]}]},{\"@type\":\"BreadcrumbList\",\"@id\":\"https:\\\/\\\/evolutioneurope.eu\\\/es\\\/programas-ayudas-regionales\\\/#breadcrumb\",\"itemListElement\":[{\"@type\":\"ListItem\",\"position\":1,\"name\":\"Home\",\"item\":\"https:\\\/\\\/evolutioneurope.eu\\\/es\\\/\"},{\"@type\":\"ListItem\",\"position\":2,\"name\":\"Programas y ayudas regionales\"}]},{\"@type\":\"WebSite\",\"@id\":\"https:\\\/\\\/evolutioneurope.eu\\\/es\\\/#website\",\"url\":\"https:\\\/\\\/evolutioneurope.eu\\\/es\\\/\",\"name\":\"evolution-europe\",\"description\":\"\",\"publisher\":{\"@id\":\"https:\\\/\\\/evolutioneurope.eu\\\/es\\\/#organization\"},\"potentialAction\":[{\"@type\":\"SearchAction\",\"target\":{\"@type\":\"EntryPoint\",\"urlTemplate\":\"https:\\\/\\\/evolutioneurope.eu\\\/es\\\/?s={search_term_string}\"},\"query-input\":{\"@type\":\"PropertyValueSpecification\",\"valueRequired\":true,\"valueName\":\"search_term_string\"}}],\"inLanguage\":\"es\"},{\"@type\":\"Organization\",\"@id\":\"https:\\\/\\\/evolutioneurope.eu\\\/es\\\/#organization\",\"name\":\"Evolution Europe\",\"url\":\"https:\\\/\\\/evolutioneurope.eu\\\/es\\\/\",\"logo\":{\"@type\":\"ImageObject\",\"inLanguage\":\"es\",\"@id\":\"https:\\\/\\\/evolutioneurope.eu\\\/es\\\/#\\\/schema\\\/logo\\\/image\\\/\",\"url\":\"https:\\\/\\\/evolutioneurope.eu\\\/wp-content\\\/uploads\\\/2026\\\/04\\\/social-share-image-2000x1600-1.jpg\",\"contentUrl\":\"https:\\\/\\\/evolutioneurope.eu\\\/wp-content\\\/uploads\\\/2026\\\/04\\\/social-share-image-2000x1600-1.jpg\",\"width\":2000,\"height\":1600,\"caption\":\"Evolution Europe\"},\"image\":{\"@id\":\"https:\\\/\\\/evolutioneurope.eu\\\/es\\\/#\\\/schema\\\/logo\\\/image\\\/\"}}]}<\/script>\n<!-- \/ Yoast SEO Premium plugin. -->","yoast_head_json":{"title":"Programas y ayudas regionales - evolution-europe","description":"Programas de ayudas regionales para proyectos de I+D+i e innovaci\u00f3n en Espa\u00f1a. Apoyo experto en solicitud y acceso a financiaci\u00f3n p\u00fablica.","robots":{"index":"index","follow":"follow","max-snippet":"max-snippet:-1","max-image-preview":"max-image-preview:large","max-video-preview":"max-video-preview:-1"},"canonical":"https:\/\/evolutioneurope.eu\/es\/programas-ayudas-regionales\/","og_locale":"es_ES","og_type":"article","og_title":"Programas y ayudas regionales","og_description":"Programas de ayudas regionales para proyectos de I+D+i e innovaci\u00f3n en Espa\u00f1a. Apoyo experto en solicitud y acceso a financiaci\u00f3n p\u00fablica.","og_url":"https:\/\/evolutioneurope.eu\/es\/programas-ayudas-regionales\/","og_site_name":"evolution-europe","article_modified_time":"2026-04-06T12:36:49+00:00","twitter_card":"summary_large_image","schema":{"@context":"https:\/\/schema.org","@graph":[{"@type":"WebPage","@id":"https:\/\/evolutioneurope.eu\/es\/programas-ayudas-regionales\/","url":"https:\/\/evolutioneurope.eu\/es\/programas-ayudas-regionales\/","name":"Programas y ayudas regionales - evolution-europe","isPartOf":{"@id":"https:\/\/evolutioneurope.eu\/es\/#website"},"datePublished":"2026-01-13T14:39:28+00:00","dateModified":"2026-04-06T12:36:49+00:00","description":"Programas de ayudas regionales para proyectos de I+D+i e innovaci\u00f3n en Espa\u00f1a. Apoyo experto en solicitud y acceso a financiaci\u00f3n p\u00fablica.","breadcrumb":{"@id":"https:\/\/evolutioneurope.eu\/es\/programas-ayudas-regionales\/#breadcrumb"},"inLanguage":"es","potentialAction":[{"@type":"ReadAction","target":["https:\/\/evolutioneurope.eu\/es\/programas-ayudas-regionales\/"]}]},{"@type":"BreadcrumbList","@id":"https:\/\/evolutioneurope.eu\/es\/programas-ayudas-regionales\/#breadcrumb","itemListElement":[{"@type":"ListItem","position":1,"name":"Home","item":"https:\/\/evolutioneurope.eu\/es\/"},{"@type":"ListItem","position":2,"name":"Programas y ayudas regionales"}]},{"@type":"WebSite","@id":"https:\/\/evolutioneurope.eu\/es\/#website","url":"https:\/\/evolutioneurope.eu\/es\/","name":"evolution-europe","description":"","publisher":{"@id":"https:\/\/evolutioneurope.eu\/es\/#organization"},"potentialAction":[{"@type":"SearchAction","target":{"@type":"EntryPoint","urlTemplate":"https:\/\/evolutioneurope.eu\/es\/?s={search_term_string}"},"query-input":{"@type":"PropertyValueSpecification","valueRequired":true,"valueName":"search_term_string"}}],"inLanguage":"es"},{"@type":"Organization","@id":"https:\/\/evolutioneurope.eu\/es\/#organization","name":"Evolution Europe","url":"https:\/\/evolutioneurope.eu\/es\/","logo":{"@type":"ImageObject","inLanguage":"es","@id":"https:\/\/evolutioneurope.eu\/es\/#\/schema\/logo\/image\/","url":"https:\/\/evolutioneurope.eu\/wp-content\/uploads\/2026\/04\/social-share-image-2000x1600-1.jpg","contentUrl":"https:\/\/evolutioneurope.eu\/wp-content\/uploads\/2026\/04\/social-share-image-2000x1600-1.jpg","width":2000,"height":1600,"caption":"Evolution Europe"},"image":{"@id":"https:\/\/evolutioneurope.eu\/es\/#\/schema\/logo\/image\/"}}]}},"_links":{"self":[{"href":"https:\/\/evolutioneurope.eu\/es\/wp-json\/wp\/v2\/pages\/7333","targetHints":{"allow":["GET"]}}],"collection":[{"href":"https:\/\/evolutioneurope.eu\/es\/wp-json\/wp\/v2\/pages"}],"about":[{"href":"https:\/\/evolutioneurope.eu\/es\/wp-json\/wp\/v2\/types\/page"}],"author":[{"embeddable":true,"href":"https:\/\/evolutioneurope.eu\/es\/wp-json\/wp\/v2\/users\/4"}],"replies":[{"embeddable":true,"href":"https:\/\/evolutioneurope.eu\/es\/wp-json\/wp\/v2\/comments?post=7333"}],"version-history":[{"count":0,"href":"https:\/\/evolutioneurope.eu\/es\/wp-json\/wp\/v2\/pages\/7333\/revisions"}],"wp:attachment":[{"href":"https:\/\/evolutioneurope.eu\/es\/wp-json\/wp\/v2\/media?parent=7333"}],"curies":[{"name":"wp","href":"https:\/\/api.w.org\/{rel}","templated":true}]}}